{"id":1799,"date":"2023-01-25T12:52:17","date_gmt":"2023-01-25T17:52:17","guid":{"rendered":"https:\/\/centreculturelvietnamien.ca\/?post_type=activities&#038;p=1799"},"modified":"2024-02-25T05:46:25","modified_gmt":"2024-02-25T10:46:25","slug":"lich-su-van-hoa-va-cong-dong-nhung-thu-thach-cua-the-ky-21","status":"publish","type":"activities","link":"https:\/\/centreculturelvietnamien.ca\/vi\/activities\/lich-su-van-hoa-va-cong-dong-nhung-thu-thach-cua-the-ky-21\/","title":{"rendered":"L\u1ecbch s\u1eed, V\u0103n h\u00f3a v\u00e0 C\u1ed9ng \u0111\u1ed3ng: Nh\u1eefng th\u1eed th\u00e1ch c\u1ee7a th\u1ebf k\u1ef7 21"},"content":{"rendered":"<h2>T\u1eeb th\u1eddi Ph\u00e1p thu\u1ed9c \u0111\u1ebfn \u0111\u1ea7u th\u1ebf k\u1ef7 21, nh\u00ecn l\u1ea1i 70 n\u0103m \u0111\u1ea5u tranh \u0111\u00e1nh d\u1ea5u th\u1ebf k\u1ef7 v\u1eeba qua v\u00e0 h\u1eadu qu\u1ea3 c\u1ee7a nh\u1eefng cu\u1ed9c chi\u1ebfn n\u00e0y.<\/h2>\n<p>D\u1ef1a tr\u00ean c\u00e1c ngu\u1ed3n ti\u1ebfng Vi\u1ec7t v\u00e0 t\u1eeb Ph\u00e1p, M\u1ef9, Canada, \u0110\u1ee9c, kh\u00f3a h\u1ecdc t\u00ecm hi\u1ec3u m\u1ed1i li\u00ean h\u1ec7 gi\u1eefa nh\u1eefng s\u1ef1 ki\u1ec7n s\u1ebd v\u00e0 \u0111ang x\u1ea3y ra trong th\u1ebf k\u1ef7 21 v\u1edbi c\u1ed9ng \u0111\u1ed3ng 130 tri\u1ec7u ng\u01b0\u1eddi Vi\u1ec7t v\u00e0 g\u1ed1c Vi\u1ec7t tr\u00ean to\u00e0n th\u1ebf gi\u1edbi.<\/p>\n<figure><img loading=\"lazy\" decoding=\"async\" class=\"alignnone size-full wp-image-289\" src=\"https:\/\/centreculturelvietnamien.ca\/wp-content\/uploads\/ccv-activite-cours-histoire-du-vietnam.jpg\" alt=\"Histoire du Vietnam\" width=\"874\" height=\"587\" srcset=\"https:\/\/centreculturelvietnamien.ca\/wp-content\/uploads\/ccv-activite-cours-histoire-du-vietnam.jpg 874w, https:\/\/centreculturelvietnamien.ca\/wp-content\/uploads\/ccv-activite-cours-histoire-du-vietnam-300x201.jpg 300w, https:\/\/centreculturelvietnamien.ca\/wp-content\/uploads\/ccv-activite-cours-histoire-du-vietnam-768x516.jpg 768w\" sizes=\"auto, (max-width: 874px) 100vw, 874px\" \/><\/figure>\n<p>Kh\u00f3a h\u1ecdc bao g\u1ed3m 8 ch\u1ee7 \u0111\u1ec1 nh\u01b0 sau:<\/p>\n<ul>\n<li>Vi\u1ec7t Nam th\u1eddi k\u1ef3 Ph\u00e1p \u0111\u00f4 h\u1ed9<\/li>\n<li>Nh\u1eefng phong tr\u00e0o \u0111\u1ea5u tranh \u1edf Vi\u1ec7t Nam<\/li>\n<li>Chi\u1ebfn tranh gi\u00e0nh \u0111\u1ed9c l\u1eadp hay chi\u1ebfn tranh \u0110\u00f4ng D\u01b0\u01a1ng<\/li>\n<li>Chi\u1ebfn tranh M\u1ef9 hay chi\u1ebfn tranh Vi\u1ec7t Nam<\/li>\n<li>N\u1ed9i chi\u1ebfn<\/li>\n<li>H\u1eadu chi\u1ebfn<\/li>\n<li>Xung \u0111\u1ed9t v\u00e0 chi\u1ebfn tranh gi\u1eefa ba n\u01b0\u1edbc C\u1ed9ng s\u1ea3n (Vi\u1ec7t Nam, Cam B\u1ed1t, Trung Qu\u1ed1c)<\/li>\n<li>Ng\u01b0\u1eddi Vi\u1ec7t v\u00e0o bu\u1ed5i b\u00ecnh minh c\u1ee7a th\u1ebf k\u1ef7 21<\/li>\n<\/ul>\n","protected":false},"excerpt":{"rendered":"<p>T\u1eeb th\u1eddi Ph\u00e1p thu\u1ed9c \u0111\u1ebfn \u0111\u1ea7u th\u1ebf k\u1ef7 21, nh\u00ecn l\u1ea1i 70 n\u0103m \u0111\u1ea5u tranh \u0111\u00e1nh d\u1ea5u th\u1ebf k\u1ef7 v\u1eeba qua v\u00e0 h\u1eadu qu\u1ea3 c\u1ee7a nh\u1eefng cu\u1ed9c chi\u1ebfn n\u00e0y.<\/p>\n","protected":false},"featured_media":289,"template":"","meta":{"_acf_changed":false},"type-activities":[42],"class_list":["post-1799","activities","type-activities","status-publish","has-post-thumbnail","hentry","type-activities-lop-hoc-va-hoi-thao"],"acf":[],"yoast_head":"<!-- This site is optimized with the Yoast SEO plugin v27.4 - https:\/\/yoast.com\/product\/yoast-seo-wordpress\/ -->\n<title>L\u1ecbch s\u1eed, V\u0103n h\u00f3a v\u00e0 C\u1ed9ng \u0111\u1ed3ng: Nh\u1eefng th\u1eed th\u00e1ch c\u1ee7a th\u1ebf k\u1ef7 21 - Trung t\u00e2m V\u0103n h\u00f3a Vi\u1ec7t Nam t\u1ea1i Canada<\/title>\n<meta name=\"robots\" content=\"index, follow, max-snippet:-1, max-image-preview:large, max-video-preview:-1\" \/>\n<link rel=\"canonical\" href=\"https:\/\/centreculturelvietnamien.ca\/vi\/activities\/lich-su-van-hoa-va-cong-dong-nhung-thu-thach-cua-the-ky-21\/\" \/>\n<meta property=\"og:locale\" content=\"vi_VN\" \/>\n<meta property=\"og:type\" content=\"article\" \/>\n<meta property=\"og:title\" content=\"L\u1ecbch s\u1eed, V\u0103n h\u00f3a v\u00e0 C\u1ed9ng \u0111\u1ed3ng: Nh\u1eefng th\u1eed th\u00e1ch c\u1ee7a th\u1ebf k\u1ef7 21 - Trung t\u00e2m V\u0103n h\u00f3a Vi\u1ec7t Nam t\u1ea1i Canada\" \/>\n<meta property=\"og:description\" content=\"T\u1eeb th\u1eddi Ph\u00e1p thu\u1ed9c \u0111\u1ebfn \u0111\u1ea7u th\u1ebf k\u1ef7 21, nh\u00ecn l\u1ea1i 70 n\u0103m \u0111\u1ea5u tranh \u0111\u00e1nh d\u1ea5u th\u1ebf k\u1ef7 v\u1eeba qua v\u00e0 h\u1eadu qu\u1ea3 c\u1ee7a nh\u1eefng cu\u1ed9c chi\u1ebfn n\u00e0y.\" \/>\n<meta property=\"og:url\" content=\"https:\/\/centreculturelvietnamien.ca\/vi\/activities\/lich-su-van-hoa-va-cong-dong-nhung-thu-thach-cua-the-ky-21\/\" \/>\n<meta property=\"og:site_name\" content=\"Trung t\u00e2m V\u0103n h\u00f3a Vi\u1ec7t Nam t\u1ea1i Canada\" \/>\n<meta property=\"article:publisher\" content=\"https:\/\/www.facebook.com\/ccvmontreal\" \/>\n<meta property=\"article:modified_time\" content=\"2024-02-25T10:46:25+00:00\" \/>\n<meta property=\"og:image\" content=\"https:\/\/centreculturelvietnamien.ca\/wp-content\/uploads\/ccv-activite-cours-histoire-du-vietnam.jpg\" \/>\n\t<meta property=\"og:image:width\" content=\"874\" \/>\n\t<meta property=\"og:image:height\" content=\"587\" \/>\n\t<meta property=\"og:image:type\" content=\"image\/jpeg\" \/>\n<meta name=\"twitter:card\" content=\"summary_large_image\" \/>\n<meta name=\"twitter:site\" content=\"@ccvmontreal\" \/>\n<meta name=\"twitter:label1\" content=\"Est. reading time\" \/>\n\t<meta name=\"twitter:data1\" content=\"2 minutes\" \/>\n<script type=\"application\/ld+json\" class=\"yoast-schema-graph\">{\"@context\":\"https:\\\/\\\/schema.org\",\"@graph\":[{\"@type\":\"WebPage\",\"@id\":\"https:\\\/\\\/centreculturelvietnamien.ca\\\/vi\\\/activities\\\/lich-su-van-hoa-va-cong-dong-nhung-thu-thach-cua-the-ky-21\\\/\",\"url\":\"https:\\\/\\\/centreculturelvietnamien.ca\\\/vi\\\/activities\\\/lich-su-van-hoa-va-cong-dong-nhung-thu-thach-cua-the-ky-21\\\/\",\"name\":\"L\u1ecbch s\u1eed, V\u0103n h\u00f3a v\u00e0 C\u1ed9ng \u0111\u1ed3ng: Nh\u1eefng th\u1eed th\u00e1ch c\u1ee7a th\u1ebf k\u1ef7 21 - Trung t\u00e2m V\u0103n h\u00f3a Vi\u1ec7t Nam t\u1ea1i Canada\",\"isPartOf\":{\"@id\":\"https:\\\/\\\/centreculturelvietnamien.ca\\\/vi\\\/#website\"},\"primaryImageOfPage\":{\"@id\":\"https:\\\/\\\/centreculturelvietnamien.ca\\\/vi\\\/activities\\\/lich-su-van-hoa-va-cong-dong-nhung-thu-thach-cua-the-ky-21\\\/#primaryimage\"},\"image\":{\"@id\":\"https:\\\/\\\/centreculturelvietnamien.ca\\\/vi\\\/activities\\\/lich-su-van-hoa-va-cong-dong-nhung-thu-thach-cua-the-ky-21\\\/#primaryimage\"},\"thumbnailUrl\":\"https:\\\/\\\/centreculturelvietnamien.ca\\\/wp-content\\\/uploads\\\/ccv-activite-cours-histoire-du-vietnam.jpg\",\"datePublished\":\"2023-01-25T17:52:17+00:00\",\"dateModified\":\"2024-02-25T10:46:25+00:00\",\"breadcrumb\":{\"@id\":\"https:\\\/\\\/centreculturelvietnamien.ca\\\/vi\\\/activities\\\/lich-su-van-hoa-va-cong-dong-nhung-thu-thach-cua-the-ky-21\\\/#breadcrumb\"},\"inLanguage\":\"vi-VN\",\"potentialAction\":[{\"@type\":\"ReadAction\",\"target\":[\"https:\\\/\\\/centreculturelvietnamien.ca\\\/vi\\\/activities\\\/lich-su-van-hoa-va-cong-dong-nhung-thu-thach-cua-the-ky-21\\\/\"]}]},{\"@type\":\"ImageObject\",\"inLanguage\":\"vi-VN\",\"@id\":\"https:\\\/\\\/centreculturelvietnamien.ca\\\/vi\\\/activities\\\/lich-su-van-hoa-va-cong-dong-nhung-thu-thach-cua-the-ky-21\\\/#primaryimage\",\"url\":\"https:\\\/\\\/centreculturelvietnamien.ca\\\/wp-content\\\/uploads\\\/ccv-activite-cours-histoire-du-vietnam.jpg\",\"contentUrl\":\"https:\\\/\\\/centreculturelvietnamien.ca\\\/wp-content\\\/uploads\\\/ccv-activite-cours-histoire-du-vietnam.jpg\",\"width\":874,\"height\":587,\"caption\":\"Histoire du Vietnam\"},{\"@type\":\"BreadcrumbList\",\"@id\":\"https:\\\/\\\/centreculturelvietnamien.ca\\\/vi\\\/activities\\\/lich-su-van-hoa-va-cong-dong-nhung-thu-thach-cua-the-ky-21\\\/#breadcrumb\",\"itemListElement\":[{\"@type\":\"ListItem\",\"position\":1,\"name\":\"Accueil\",\"item\":\"https:\\\/\\\/centreculturelvietnamien.ca\\\/vi\\\/\"},{\"@type\":\"ListItem\",\"position\":2,\"name\":\"Activit\u00e9s\",\"item\":\"https:\\\/\\\/centreculturelvietnamien.ca\\\/vi\\\/activities\\\/\"},{\"@type\":\"ListItem\",\"position\":3,\"name\":\"L\u1ecbch s\u1eed, V\u0103n h\u00f3a v\u00e0 C\u1ed9ng \u0111\u1ed3ng: Nh\u1eefng th\u1eed th\u00e1ch c\u1ee7a th\u1ebf k\u1ef7 21\"}]},{\"@type\":\"WebSite\",\"@id\":\"https:\\\/\\\/centreculturelvietnamien.ca\\\/vi\\\/#website\",\"url\":\"https:\\\/\\\/centreculturelvietnamien.ca\\\/vi\\\/\",\"name\":\"Trung t\u00e2m V\u0103n h\u00f3a Vi\u1ec7t Nam t\u1ea1i Canada\",\"description\":\"Nh\u1ecbp s\u1ed1ng V\u0103n ho\u00e1 v\u00e0 t\u00e2m h\u1ed3n Vi\u1ec7t t\u1ea1i Canada\",\"publisher\":{\"@id\":\"https:\\\/\\\/centreculturelvietnamien.ca\\\/vi\\\/#organization\"},\"potentialAction\":[{\"@type\":\"SearchAction\",\"target\":{\"@type\":\"EntryPoint\",\"urlTemplate\":\"https:\\\/\\\/centreculturelvietnamien.ca\\\/vi\\\/?s={search_term_string}\"},\"query-input\":{\"@type\":\"PropertyValueSpecification\",\"valueRequired\":true,\"valueName\":\"search_term_string\"}}],\"inLanguage\":\"vi-VN\"},{\"@type\":\"Organization\",\"@id\":\"https:\\\/\\\/centreculturelvietnamien.ca\\\/vi\\\/#organization\",\"name\":\"Trung t\u00e2m V\u0103n h\u00f3a Vi\u1ec7t Nam t\u1ea1i Canada\",\"url\":\"https:\\\/\\\/centreculturelvietnamien.ca\\\/vi\\\/\",\"logo\":{\"@type\":\"ImageObject\",\"inLanguage\":\"vi-VN\",\"@id\":\"https:\\\/\\\/centreculturelvietnamien.ca\\\/vi\\\/#\\\/schema\\\/logo\\\/image\\\/\",\"url\":\"https:\\\/\\\/centreculturelvietnamien.ca\\\/wp-content\\\/uploads\\\/logo-ccv.png\",\"contentUrl\":\"https:\\\/\\\/centreculturelvietnamien.ca\\\/wp-content\\\/uploads\\\/logo-ccv.png\",\"width\":200,\"height\":200,\"caption\":\"Trung t\u00e2m V\u0103n h\u00f3a Vi\u1ec7t Nam t\u1ea1i Canada\"},\"image\":{\"@id\":\"https:\\\/\\\/centreculturelvietnamien.ca\\\/vi\\\/#\\\/schema\\\/logo\\\/image\\\/\"},\"sameAs\":[\"https:\\\/\\\/www.facebook.com\\\/ccvmontreal\",\"https:\\\/\\\/x.com\\\/ccvmontreal\",\"https:\\\/\\\/www.instagram.com\\\/ccvmontreal\\\/\"]}]}<\/script>\n<!-- \/ Yoast SEO plugin. -->","yoast_head_json":{"title":"L\u1ecbch s\u1eed, V\u0103n h\u00f3a v\u00e0 C\u1ed9ng \u0111\u1ed3ng: Nh\u1eefng th\u1eed th\u00e1ch c\u1ee7a th\u1ebf k\u1ef7 21 - Trung t\u00e2m V\u0103n h\u00f3a Vi\u1ec7t Nam t\u1ea1i Canada","robots":{"index":"index","follow":"follow","max-snippet":"max-snippet:-1","max-image-preview":"max-image-preview:large","max-video-preview":"max-video-preview:-1"},"canonical":"https:\/\/centreculturelvietnamien.ca\/vi\/activities\/lich-su-van-hoa-va-cong-dong-nhung-thu-thach-cua-the-ky-21\/","og_locale":"vi_VN","og_type":"article","og_title":"L\u1ecbch s\u1eed, V\u0103n h\u00f3a v\u00e0 C\u1ed9ng \u0111\u1ed3ng: Nh\u1eefng th\u1eed th\u00e1ch c\u1ee7a th\u1ebf k\u1ef7 21 - Trung t\u00e2m V\u0103n h\u00f3a Vi\u1ec7t Nam t\u1ea1i Canada","og_description":"T\u1eeb th\u1eddi Ph\u00e1p thu\u1ed9c \u0111\u1ebfn \u0111\u1ea7u th\u1ebf k\u1ef7 21, nh\u00ecn l\u1ea1i 70 n\u0103m \u0111\u1ea5u tranh \u0111\u00e1nh d\u1ea5u th\u1ebf k\u1ef7 v\u1eeba qua v\u00e0 h\u1eadu qu\u1ea3 c\u1ee7a nh\u1eefng cu\u1ed9c chi\u1ebfn n\u00e0y.","og_url":"https:\/\/centreculturelvietnamien.ca\/vi\/activities\/lich-su-van-hoa-va-cong-dong-nhung-thu-thach-cua-the-ky-21\/","og_site_name":"Trung t\u00e2m V\u0103n h\u00f3a Vi\u1ec7t Nam t\u1ea1i Canada","article_publisher":"https:\/\/www.facebook.com\/ccvmontreal","article_modified_time":"2024-02-25T10:46:25+00:00","og_image":[{"width":874,"height":587,"url":"https:\/\/centreculturelvietnamien.ca\/wp-content\/uploads\/ccv-activite-cours-histoire-du-vietnam.jpg","type":"image\/jpeg"}],"twitter_card":"summary_large_image","twitter_site":"@ccvmontreal","twitter_misc":{"Est. reading time":"2 minutes"},"schema":{"@context":"https:\/\/schema.org","@graph":[{"@type":"WebPage","@id":"https:\/\/centreculturelvietnamien.ca\/vi\/activities\/lich-su-van-hoa-va-cong-dong-nhung-thu-thach-cua-the-ky-21\/","url":"https:\/\/centreculturelvietnamien.ca\/vi\/activities\/lich-su-van-hoa-va-cong-dong-nhung-thu-thach-cua-the-ky-21\/","name":"L\u1ecbch s\u1eed, V\u0103n h\u00f3a v\u00e0 C\u1ed9ng \u0111\u1ed3ng: Nh\u1eefng th\u1eed th\u00e1ch c\u1ee7a th\u1ebf k\u1ef7 21 - Trung t\u00e2m V\u0103n h\u00f3a Vi\u1ec7t Nam t\u1ea1i Canada","isPartOf":{"@id":"https:\/\/centreculturelvietnamien.ca\/vi\/#website"},"primaryImageOfPage":{"@id":"https:\/\/centreculturelvietnamien.ca\/vi\/activities\/lich-su-van-hoa-va-cong-dong-nhung-thu-thach-cua-the-ky-21\/#primaryimage"},"image":{"@id":"https:\/\/centreculturelvietnamien.ca\/vi\/activities\/lich-su-van-hoa-va-cong-dong-nhung-thu-thach-cua-the-ky-21\/#primaryimage"},"thumbnailUrl":"https:\/\/centreculturelvietnamien.ca\/wp-content\/uploads\/ccv-activite-cours-histoire-du-vietnam.jpg","datePublished":"2023-01-25T17:52:17+00:00","dateModified":"2024-02-25T10:46:25+00:00","breadcrumb":{"@id":"https:\/\/centreculturelvietnamien.ca\/vi\/activities\/lich-su-van-hoa-va-cong-dong-nhung-thu-thach-cua-the-ky-21\/#breadcrumb"},"inLanguage":"vi-VN","potentialAction":[{"@type":"ReadAction","target":["https:\/\/centreculturelvietnamien.ca\/vi\/activities\/lich-su-van-hoa-va-cong-dong-nhung-thu-thach-cua-the-ky-21\/"]}]},{"@type":"ImageObject","inLanguage":"vi-VN","@id":"https:\/\/centreculturelvietnamien.ca\/vi\/activities\/lich-su-van-hoa-va-cong-dong-nhung-thu-thach-cua-the-ky-21\/#primaryimage","url":"https:\/\/centreculturelvietnamien.ca\/wp-content\/uploads\/ccv-activite-cours-histoire-du-vietnam.jpg","contentUrl":"https:\/\/centreculturelvietnamien.ca\/wp-content\/uploads\/ccv-activite-cours-histoire-du-vietnam.jpg","width":874,"height":587,"caption":"Histoire du Vietnam"},{"@type":"BreadcrumbList","@id":"https:\/\/centreculturelvietnamien.ca\/vi\/activities\/lich-su-van-hoa-va-cong-dong-nhung-thu-thach-cua-the-ky-21\/#breadcrumb","itemListElement":[{"@type":"ListItem","position":1,"name":"Accueil","item":"https:\/\/centreculturelvietnamien.ca\/vi\/"},{"@type":"ListItem","position":2,"name":"Activit\u00e9s","item":"https:\/\/centreculturelvietnamien.ca\/vi\/activities\/"},{"@type":"ListItem","position":3,"name":"L\u1ecbch s\u1eed, V\u0103n h\u00f3a v\u00e0 C\u1ed9ng \u0111\u1ed3ng: Nh\u1eefng th\u1eed th\u00e1ch c\u1ee7a th\u1ebf k\u1ef7 21"}]},{"@type":"WebSite","@id":"https:\/\/centreculturelvietnamien.ca\/vi\/#website","url":"https:\/\/centreculturelvietnamien.ca\/vi\/","name":"Trung t\u00e2m V\u0103n h\u00f3a Vi\u1ec7t Nam t\u1ea1i Canada","description":"Nh\u1ecbp s\u1ed1ng V\u0103n ho\u00e1 v\u00e0 t\u00e2m h\u1ed3n Vi\u1ec7t t\u1ea1i Canada","publisher":{"@id":"https:\/\/centreculturelvietnamien.ca\/vi\/#organization"},"potentialAction":[{"@type":"SearchAction","target":{"@type":"EntryPoint","urlTemplate":"https:\/\/centreculturelvietnamien.ca\/vi\/?s={search_term_string}"},"query-input":{"@type":"PropertyValueSpecification","valueRequired":true,"valueName":"search_term_string"}}],"inLanguage":"vi-VN"},{"@type":"Organization","@id":"https:\/\/centreculturelvietnamien.ca\/vi\/#organization","name":"Trung t\u00e2m V\u0103n h\u00f3a Vi\u1ec7t Nam t\u1ea1i Canada","url":"https:\/\/centreculturelvietnamien.ca\/vi\/","logo":{"@type":"ImageObject","inLanguage":"vi-VN","@id":"https:\/\/centreculturelvietnamien.ca\/vi\/#\/schema\/logo\/image\/","url":"https:\/\/centreculturelvietnamien.ca\/wp-content\/uploads\/logo-ccv.png","contentUrl":"https:\/\/centreculturelvietnamien.ca\/wp-content\/uploads\/logo-ccv.png","width":200,"height":200,"caption":"Trung t\u00e2m V\u0103n h\u00f3a Vi\u1ec7t Nam t\u1ea1i Canada"},"image":{"@id":"https:\/\/centreculturelvietnamien.ca\/vi\/#\/schema\/logo\/image\/"},"sameAs":["https:\/\/www.facebook.com\/ccvmontreal","https:\/\/x.com\/ccvmontreal","https:\/\/www.instagram.com\/ccvmontreal\/"]}]}},"_links":{"self":[{"href":"https:\/\/centreculturelvietnamien.ca\/vi\/wp-json\/wp\/v2\/activities\/1799","targetHints":{"allow":["GET"]}}],"collection":[{"href":"https:\/\/centreculturelvietnamien.ca\/vi\/wp-json\/wp\/v2\/activities"}],"about":[{"href":"https:\/\/centreculturelvietnamien.ca\/vi\/wp-json\/wp\/v2\/types\/activities"}],"wp:featuredmedia":[{"embeddable":true,"href":"https:\/\/centreculturelvietnamien.ca\/vi\/wp-json\/wp\/v2\/media\/289"}],"wp:attachment":[{"href":"https:\/\/centreculturelvietnamien.ca\/vi\/wp-json\/wp\/v2\/media?parent=1799"}],"wp:term":[{"taxonomy":"type-activities","embeddable":true,"href":"https:\/\/centreculturelvietnamien.ca\/vi\/wp-json\/wp\/v2\/type-activities?post=1799"}],"curies":[{"name":"wp","href":"https:\/\/api.w.org\/{rel}","templated":true}]}}